{"id":994,"date":"2015-01-26T11:54:04","date_gmt":"2015-01-26T10:54:04","guid":{"rendered":"http:\/\/bandits-mages.antrepeaux.net\/site2015\/?page_id=994"},"modified":"2015-01-26T15:28:47","modified_gmt":"2015-01-26T14:28:47","slug":"diffusion","status":"publish","type":"page","link":"https:\/\/bandits-mages.antrepeaux.net\/es\/diffusion\/","title":{"rendered":"Diffusion"},"content":{"rendered":"<p>Une programmation annuelle est propos\u00e9e le plus souvent \u00e0 Bourges et ses environs. Elle r\u00e9pond au besoin de faire d\u00e9couvrir tout au long de l\u2019ann\u00e9e les pratiques exp\u00e9rimentales de l\u2019image tr\u00e8s en marge des circuits de grande diffusion. Souvent li\u00e9e \u00e0 une approche th\u00e9matique, historique et\/ou contemporaine, cette programmation n\u00e9cessite un \u00e9clairage particulier et un accompagnement organis\u00e9 par l\u2019\u00e9quipe de Bandits-Mages.<\/p>\n<p>Depuis 2005, soucieuse de d\u00e9velopper des propositions \u00e0 long terme et d\u2019aller plus avant dans les sujets abord\u00e9s, Bandits-Mages propose des conf\u00e9rences et des cycles de programmes originaux, projet\u00e9s dans diff\u00e9rents lieux de la ville : chez l\u2019habitant, dans des \u00e9coles d\u2019art, au <a href=\"http:\/\/www.mcbourges.com\/la-saison\/le-cinema\">cin\u00e9ma de la MCB\u00b0<\/a>\u2026 Ces projections respectent autant que possible les formats d\u2019origine des oeuvres montr\u00e9es et sont suivies d\u2019un d\u00e9bat entre les spectateurs, les artistes et les membres de l\u2019\u00e9quipe. Ces programmes singuliers \u00e9tant amen\u00e9s \u00e0 se r\u00e9p\u00e9ter, une forme de rituel finit par s\u2019installer, instaurant une r\u00e9flexion qui se poursuit parfois sur plusieurs\u00a0ann\u00e9es.<\/p>\n<p>Souvent invit\u00e9e par d\u2019autres structures de diffusion (Centres d\u2019art, festivals, associations \u2026), Bandits-Mages r\u00e9pond r\u00e9guli\u00e8rement soit \u00e0 des propositions structur\u00e9es qui doivent s\u2019adapter \u00e0 des th\u00e9matiques, soit \u00e0 des propositions totalement ouvertes que le programmateur oriente vers des enjeux\u00a0marquants.<\/p>\n","protected":false},"excerpt":{"rendered":"<p>Une programmation annuelle est propos\u00e9e le plus souvent \u00e0 Bourges et ses environs. Elle r\u00e9pond au besoin de faire d\u00e9couvrir tout au long de l\u2019ann\u00e9e les pratiques exp\u00e9rimentales de l\u2019image tr\u00e8s en marge des circuits de grande diffusion. Souvent li\u00e9e \u00e0 une approche th\u00e9matique, historique et\/ou contemporaine, cette programmation n\u00e9cessite un \u00e9clairage particulier et un&hellip;<\/p>\n","protected":false},"author":1,"featured_media":0,"parent":0,"menu_order":0,"comment_status":"closed","ping_status":"closed","template":"","meta":[],"_links":{"self":[{"href":"https:\/\/bandits-mages.antrepeaux.net\/es\/wp-json\/wp\/v2\/pages\/994"}],"collection":[{"href":"https:\/\/bandits-mages.antrepeaux.net\/es\/wp-json\/wp\/v2\/pages"}],"about":[{"href":"https:\/\/bandits-mages.antrepeaux.net\/es\/wp-json\/wp\/v2\/types\/page"}],"author":[{"embeddable":true,"href":"https:\/\/bandits-mages.antrepeaux.net\/es\/wp-json\/wp\/v2\/users\/1"}],"replies":[{"embeddable":true,"href":"https:\/\/bandits-mages.antrepeaux.net\/es\/wp-json\/wp\/v2\/comments?post=994"}],"version-history":[{"count":4,"href":"https:\/\/bandits-mages.antrepeaux.net\/es\/wp-json\/wp\/v2\/pages\/994\/revisions"}],"predecessor-version":[{"id":1032,"href":"https:\/\/bandits-mages.antrepeaux.net\/es\/wp-json\/wp\/v2\/pages\/994\/revisions\/1032"}],"wp:attachment":[{"href":"https:\/\/bandits-mages.antrepeaux.net\/es\/wp-json\/wp\/v2\/media?parent=994"}],"curies":[{"name":"wp","href":"https:\/\/api.w.org\/{rel}","templated":true}]}}