{"id":953,"date":"2015-01-25T16:19:40","date_gmt":"2015-01-25T15:19:40","guid":{"rendered":"http:\/\/bandits-mages.antrepeaux.net\/site2015\/?page_id=953"},"modified":"2015-01-26T15:27:09","modified_gmt":"2015-01-26T14:27:09","slug":"production-2","status":"publish","type":"page","link":"https:\/\/bandits-mages.antrepeaux.net\/es\/les-actions\/production-2\/","title":{"rendered":"Production &#038; R\u00e9sidences"},"content":{"rendered":"<h3 class=\"p1\">Production<\/h3>\n<p class=\"p1\">Bandits-Mages produit les \u0153uvres d\u2019artistes et de cin\u00e9astes, mais soutient \u00e9galement des productions par l\u2019apport d\u2019une expertise, d\u2019une aide mat\u00e9rielle et logistique. Si les artistes et les cin\u00e9astes choisissent de faire appel \u00e0 l\u2019association, r\u00e9ciproquement cette derni\u00e8re choisit les artistes qu\u2019elle produira ou soutiendra. Cet \u00e9change de consentement donne lieu \u00e0 l\u2019\u00e9tablissement d\u2019un contrat ou d\u2019une convention permettant avant tout de garantir la mise en \u0153uvre du projet.<\/p>\n<blockquote class=\"p1 quote-claire\"><p>Bandits-Mages offre la possibilit\u00e9 de produire des \u0153uvres exp\u00e9rimentales et de donner toute libert\u00e9 \u00e0 l\u2019artiste ou au cin\u00e9aste de travailler selon un processus cr\u00e9atif qui lui est propre.<\/p><\/blockquote>\n<p class=\"p3\"><span class=\"s1\">Aussi chaque projet est \u00e9tudi\u00e9 afin de mettre en <\/span>\u0153uvre les moyens qu\u2019il n\u00e9cessite<span class=\"s1\">\u00a0<\/span>: techniques, logistiques et financiers, ce qui implique le plus souvent de travailler dans une \u00e9conomie de moyens mettant en jeu le <span class=\"s1\">\u00a0<\/span>\u00ab<span class=\"s1\">\u00a0<\/span>low-tech<span class=\"s1\">\u00a0<\/span>\u00bb, les mix-m\u00e9dias, ou d\u2019organiser une recherche de financement.<\/p>\n<blockquote class=\"p3 quote-claire\"><p>Bandits-Mages se joint\u00a0depuis 2006 \u00e0 l&#8217;association\u00a0<a href=\"http:\/\/www.emmetrop.fr\/programmation-specifiques\/its-time\/presentation\/\">Emmetrop<\/a>\u00a0pour coproduire des performances, des films et des rencontres pluridisciplinaires. Ce partage, plus qu\u2019un partenariat, s\u2019enrichit d\u2019ann\u00e9e en ann\u00e9e et permet de relier des forces et des savoir-faire pour donner naissance et visibilit\u00e9 \u00e0 des productions touchant des probl\u00e9matiques et des sujets communs. Les deux associations tendent \u00e0 approfondir les questions touchant aux politiques minoritaires.<\/p><\/blockquote>\n<h3 class=\"p1\">r\u00e9sidences<\/h3>\n<p class=\"p1\">Durant leurs r\u00e9sidences, les artistes soutenus par Bandits-Mages disposent de la galerie du <a title=\"Le Ha\u00efdouc\" href=\"http:\/\/bandits-mages.antrepeaux.net\/site2015\/le-haidouc\">Ha\u00efdouc<\/a>, espace\u00a0de cr\u00e9ation qui leur permet de mener \u00e0 bien <strong>recherches et exp\u00e9rimentations<\/strong>.<\/p>\n<p class=\"p1\">Le choix de ces artistes repose d\u2019une part sur l\u2019inscription de leur projet dans la cr\u00e9ation contemporaine &#8211; et tout particuli\u00e8rement dans les champs de \u00ab<span class=\"s1\">\u00a0<\/span>l\u2019image en mouvement<span class=\"s1\">\u00a0<\/span>\u00bb et des \u00ab\u00a0arts m\u00e9diatiques\u00a0\u00bb &#8211; et d\u2019autre part sur leur d\u00e9sir de l\u2019inscrire dans une d\u00e9marche sociale et politique affirm\u00e9e.<span class=\"Apple-converted-space\">\u00a0 <\/span>Les artistes en r\u00e9sidence sont invit\u00e9s \u00e0 endosser le r\u00f4le de curateur, \u00e0 programmer des s\u00e9ances de films et des rencontres avec des personnalit\u00e9s faisant partie int\u00e9grante de leur univers, enfin \u00e0 participer \u00e0 la ZAAP (workshops, ateliers, conf\u00e9rences).<\/p>\n<p class=\"p1\">Des temps de r\u00e9sidence de deux mois sont propos\u00e9s. Deux mois qui peuvent \u00eatre fragment\u00e9s en plusieurs sessions. Les artistes disposent d\u2019un appartement colou\u00e9 avec l\u2019association Emmetrop. La colocation de cet appartement accueillant de nombreuses personnes d\u2019horizons diff\u00e9rents favorise les rencontres multidisciplinaires (art contemporain, cin\u00e9ma, vid\u00e9o, th\u00e9\u00e2tre, danse, musique).<\/p>\n<p class=\"p1\">Bandits-Mages met \u00e0 disposition son parc mat\u00e9riel et attribue un budget de production d\u2019un minimum de 2000<span class=\"s2\">\u20ac.<\/span> Les transports sont pris en charge dans la limite de 250<span class=\"s2\">\u20ac<\/span>.<\/p>\n<blockquote class=\"p1 quote-claire\"><p><a title=\"Le Ha\u00efdouc\" href=\"http:\/\/bandits-mages.antrepeaux.net\/site2015\/le-haidouc\">Le Ha\u00efdouc est\u00a0aujourd\u2019hui un lieu polyfonctionnel<span class=\"s1\">\u00a0<\/span>: m\u00e9dialab, plateau vid\u00e9o, galerie et salle de projection. Trois studios de post-production se greffent \u00e0 cet espace, avant tout offert aux artistes en r\u00e9sidence, aux \u00e9tudiants et<\/a><a title=\"Le Ha\u00efdouc\" href=\"http:\/\/bandits-mages.antrepeaux.net\/site2015\/le-haidouc\">aux artistes invit\u00e9s ayant la volont\u00e9 d\u2019exploiter toutes les possibilit\u00e9s du lieu, de son contexte social et urbain.<\/a><\/p><\/blockquote>\n<p><img loading=\"lazy\" class=\"aligncenter wp-image-969 size-full\" src=\"http:\/\/bandits-mages.antrepeaux.net\/site2015\/wp-content\/uploads\/2015\/01\/893222_3428962138644_1949979875_o.jpg\" alt=\"workshop au Ha\u00efdouc\" width=\"2048\" height=\"1536\" srcset=\"https:\/\/bandits-mages.antrepeaux.net\/wp-content\/uploads\/2015\/01\/893222_3428962138644_1949979875_o.jpg 2048w, https:\/\/bandits-mages.antrepeaux.net\/wp-content\/uploads\/2015\/01\/893222_3428962138644_1949979875_o-300x225.jpg 300w, https:\/\/bandits-mages.antrepeaux.net\/wp-content\/uploads\/2015\/01\/893222_3428962138644_1949979875_o-768x576.jpg 768w, https:\/\/bandits-mages.antrepeaux.net\/wp-content\/uploads\/2015\/01\/893222_3428962138644_1949979875_o-1024x768.jpg 1024w, https:\/\/bandits-mages.antrepeaux.net\/wp-content\/uploads\/2015\/01\/893222_3428962138644_1949979875_o-150x113.jpg 150w\" sizes=\"(max-width: 2048px) 100vw, 2048px\" \/><\/p>\n","protected":false},"excerpt":{"rendered":"<p>Production Bandits-Mages produit les \u0153uvres d\u2019artistes et de cin\u00e9astes, mais soutient \u00e9galement des productions par l\u2019apport d\u2019une expertise, d\u2019une aide mat\u00e9rielle et logistique. Si les artistes et les cin\u00e9astes choisissent de faire appel \u00e0 l\u2019association, r\u00e9ciproquement cette derni\u00e8re choisit les artistes qu\u2019elle produira ou soutiendra. Cet \u00e9change de consentement donne lieu \u00e0 l\u2019\u00e9tablissement d\u2019un contrat&hellip;<\/p>\n","protected":false},"author":1,"featured_media":965,"parent":951,"menu_order":0,"comment_status":"closed","ping_status":"closed","template":"templates\/fullwidth.php","meta":[],"_links":{"self":[{"href":"https:\/\/bandits-mages.antrepeaux.net\/es\/wp-json\/wp\/v2\/pages\/953"}],"collection":[{"href":"https:\/\/bandits-mages.antrepeaux.net\/es\/wp-json\/wp\/v2\/pages"}],"about":[{"href":"https:\/\/bandits-mages.antrepeaux.net\/es\/wp-json\/wp\/v2\/types\/page"}],"author":[{"embeddable":true,"href":"https:\/\/bandits-mages.antrepeaux.net\/es\/wp-json\/wp\/v2\/users\/1"}],"replies":[{"embeddable":true,"href":"https:\/\/bandits-mages.antrepeaux.net\/es\/wp-json\/wp\/v2\/comments?post=953"}],"version-history":[{"count":14,"href":"https:\/\/bandits-mages.antrepeaux.net\/es\/wp-json\/wp\/v2\/pages\/953\/revisions"}],"predecessor-version":[{"id":1031,"href":"https:\/\/bandits-mages.antrepeaux.net\/es\/wp-json\/wp\/v2\/pages\/953\/revisions\/1031"}],"up":[{"embeddable":true,"href":"https:\/\/bandits-mages.antrepeaux.net\/es\/wp-json\/wp\/v2\/pages\/951"}],"wp:featuredmedia":[{"embeddable":true,"href":"https:\/\/bandits-mages.antrepeaux.net\/es\/wp-json\/wp\/v2\/media\/965"}],"wp:attachment":[{"href":"https:\/\/bandits-mages.antrepeaux.net\/es\/wp-json\/wp\/v2\/media?parent=953"}],"curies":[{"name":"wp","href":"https:\/\/api.w.org\/{rel}","templated":true}]}}