{"id":816,"date":"2015-01-08T12:09:49","date_gmt":"2015-01-08T11:09:49","guid":{"rendered":"http:\/\/bandits-mages.antrepeaux.net\/site2015\/?page_id=816"},"modified":"2015-04-03T13:47:31","modified_gmt":"2015-04-03T11:47:31","slug":"les-rencontres","status":"publish","type":"page","link":"https:\/\/bandits-mages.antrepeaux.net\/es\/les-rencontres\/","title":{"rendered":"Les Rencontres"},"content":{"rendered":"<p><strong>Depuis 2013, faisant suite au Festival, Bandits-Mages organise des rencontres annuelles : les Rencontres Bandits-Mages.<\/strong><br \/>\nElles ont pour projet d\u2019\u00e9laborer un nouvel espace de rencontre \u00e0 l\u2019intersection des structures pion- ni\u00e8res multim\u00e9dias qui ont contribu\u00e9 \u00e0 la naissance de l\u2019expanded cinema, des laboratoires cin\u00e9mato- graphiques et des reconfi contemporaines des espaces de diffusion. Ces rencontres appa- raissent dans le contexte n\u00e9buleux des mutations technologiques, des self-m\u00e9dias et des pratiques d\u2019autodiffusion g\u00e9n\u00e9ralis\u00e9es par la d\u00e9mocratisation progressive des outils num\u00e9riques. Elles pr\u00e9sentent un panel h\u00e9t\u00e9roclite de cr\u00e9ations de jeunes auteurs et d\u2019artistes confi\u00a0 \u00a0 Elles favorisent le d\u00e9placement des \u00e9tudiants et des artistes \u00e9trangers \u00e0 Bourges, et donnent \u00e9galement un espace de repr\u00e9sentation \u00e0 des festivals \u00e9trangers.<br \/>\nAlimenter alors une sc\u00e8ne locale, situ\u00e9e \u00e0 Bourges et dans l\u2019ensemble du d\u00e9partement et de la R\u00e9gion g\u00e9n\u00e8re un terrain favorable pour la rencontre entre les artistes locaux, les artistes \u00e9trangers et les professionnels.<br \/>\nL\u2019acc\u00e8s aux Rencontres est favoris\u00e9 par une gratuit\u00e9, et par une communication \u00e0 l\u2019\u00e9chelle locale, nationale et europ\u00e9enne.<\/p>\n<h4>Un temps fort et vivant<\/h4>\n<p>Ces Rencontres r\u00e9unissent pendant trois jours des \u00e9tudiants d\u2019\u00e9coles d\u2019arts fran\u00e7aises et europ\u00e9ennes, des artistes, des cin\u00e9astes, des enseignants,des diffuseurs,desdistributeurs,des producteurs et des curateurs.Tous se c\u00f4toient dans un espace commun, dans lequel ils sont invit\u00e9s \u00e0 des productions collectives, des \u00e9changes ou des pr\u00e9sentations d\u2019\u0153uvres d\u00e9j\u00e0 r\u00e9alis\u00e9es ou encore en phase de production.<\/p>\n<p>Une ligne \u00e9ditoriale est imagin\u00e9e chaque ann\u00e9e. Elle \u00e9claire en g\u00e9n\u00e9ral une recherche sp\u00e9cifique dans le champ de l\u2019art, et soul\u00e8ve des enjeux historiques et contemporains de pratiques qui interrogent le statut de l\u2019image et les nouveaux usages des m\u00e9dias.<\/p>\n<h4>Espace de diffusion ET d\u2019exp\u00e9rimentation !<\/h4>\n<p>Les Rencontres explorent alors en profondeur un large pan de la cr\u00e9ation contemporaine vid\u00e9o et cin\u00e9matographique, tout en devenant un instrument d\u2019exp\u00e9rimentation pour de nouvelles productions.\u00a0 Elles\u00a0 s\u2019organisent\u00a0 comme\u00a0 une plate-forme \u00ab multi-joueurs \u00bb et \u00ab multi-formes \u00bb. Elles mettent en \u0153uvre des modes de dif- fusion qui permettent des allers et retours constants entre diff\u00e9rentes pratiques (salle de projection multi-supports, plateaux vid\u00e9os, ex- positions d\u2019oeuvres multim\u00e9dia, interventions\u00a0\u2026). Les dispositifs sont travaill\u00e9s, discut\u00e9s puis \u00e9labor\u00e9s avec des artistes, des enseignants des \u00e9coles d\u2019art, des \u00e9tudiants et des curateurs invit\u00e9s.<\/p>\n<h4>Appel \u00e0 participation<\/h4>\n<p>Les Rencontres permettent aux jeunes auteurs de se faire conna\u00eetre aupr\u00e8s de nombreux professionnels de la Culture. Au regard de la probl\u00e9matique pos\u00e9e et renouvel\u00e9e chaque ann\u00e9e, les Rencontres font l\u2019objet d\u2019un appel \u00e0 participation r\u00e9gional, national et international aupr\u00e8s des \u00e9tudiants des \u00e9coles d\u2019art et de cin\u00e9ma et des artistes ou cin\u00e9astes ind\u00e9pendants susceptibles de trouver dans cet \u00e9v\u00e9nement le lieu ad\u00e9quat de diffusion de leurs \u0153uvres.<\/p>\n<blockquote class=\"quote-claire\"><p><em>Les Rencontres sont men\u00e9es en \u00e9troite collaboration avec plusieurs partenaires r\u00e9guliers :<\/em><\/p>\n<ul>\n<li><a href=\"http:\/\/www.ensa-bourges.fr\/\" target=\"_blank\">l\u2019ENSA de Bourges<\/a>, qui accueille depuis ses origines le Festival<\/li>\n<li><a href=\"http:\/\/www.emmetrop.fr\/\" target=\"_blank\">Emmetrop<\/a>, association s\u0153ur implant\u00e9e sur la Friche l\u2019Antre-Peaux<\/li>\n<li><a href=\"http:\/\/labomedia.org\/\" target=\"_blank\">Labom\u00e9dia<\/a>, partenaire des Rencontres autour des questions du num\u00e9rique et du multim\u00e9dia.<\/li>\n<li><a href=\"http:\/\/www.mcbourges.com\/\" target=\"_blank\">La Maison de la Culture<\/a> de Bourges<\/li>\n<li><a href=\"http:\/\/reseaux-creation.org\/\">Les R\u00e9seaux de la Cr\u00e9ation &#8211; Vision&#8217;R<\/a>, autour des pratiques\u00a0VJing<\/li>\n<li><a href=\"http:\/\/esalorraine.fr\/\" target=\"_blank\">l\u2019ESAL<\/a> de Metz et \u00c9pinal<\/li>\n<li><a href=\"http:\/\/ensa-limoges.fr\/\" target=\"_blank\">l\u2019ENSA<\/a> de Limoges<\/li>\n<li><a href=\"http:\/\/www.ciclic.fr\/\" target=\"_blank\">Ciclic<\/a><\/li>\n<\/ul>\n<\/blockquote>\n","protected":false},"excerpt":{"rendered":"<p>Depuis 2013, faisant suite au Festival, Bandits-Mages organise des rencontres annuelles : les Rencontres Bandits-Mages. Elles ont pour projet d\u2019\u00e9laborer un nouvel espace de rencontre \u00e0 l\u2019intersection des structures pion- ni\u00e8res multim\u00e9dias qui ont contribu\u00e9 \u00e0 la naissance de l\u2019expanded cinema, des laboratoires cin\u00e9mato- graphiques et des reconfi contemporaines des espaces de diffusion. Ces rencontres&hellip;<\/p>\n","protected":false},"author":1,"featured_media":1176,"parent":0,"menu_order":0,"comment_status":"closed","ping_status":"closed","template":"","meta":[],"_links":{"self":[{"href":"https:\/\/bandits-mages.antrepeaux.net\/es\/wp-json\/wp\/v2\/pages\/816"}],"collection":[{"href":"https:\/\/bandits-mages.antrepeaux.net\/es\/wp-json\/wp\/v2\/pages"}],"about":[{"href":"https:\/\/bandits-mages.antrepeaux.net\/es\/wp-json\/wp\/v2\/types\/page"}],"author":[{"embeddable":true,"href":"https:\/\/bandits-mages.antrepeaux.net\/es\/wp-json\/wp\/v2\/users\/1"}],"replies":[{"embeddable":true,"href":"https:\/\/bandits-mages.antrepeaux.net\/es\/wp-json\/wp\/v2\/comments?post=816"}],"version-history":[{"count":5,"href":"https:\/\/bandits-mages.antrepeaux.net\/es\/wp-json\/wp\/v2\/pages\/816\/revisions"}],"predecessor-version":[{"id":1175,"href":"https:\/\/bandits-mages.antrepeaux.net\/es\/wp-json\/wp\/v2\/pages\/816\/revisions\/1175"}],"wp:featuredmedia":[{"embeddable":true,"href":"https:\/\/bandits-mages.antrepeaux.net\/es\/wp-json\/wp\/v2\/media\/1176"}],"wp:attachment":[{"href":"https:\/\/bandits-mages.antrepeaux.net\/es\/wp-json\/wp\/v2\/media?parent=816"}],"curies":[{"name":"wp","href":"https:\/\/api.w.org\/{rel}","templated":true}]}}