{"id":434,"date":"2014-12-15T13:07:51","date_gmt":"2014-12-15T12:07:51","guid":{"rendered":"http:\/\/bandits-mages.antrepeaux.net\/site2015\/?page_id=434"},"modified":"2020-02-26T09:53:45","modified_gmt":"2020-02-26T08:53:45","slug":"lequipe","status":"publish","type":"page","link":"https:\/\/bandits-mages.antrepeaux.net\/es\/lequipe\/","title":{"rendered":"L&#8217;\u00e9quipe"},"content":{"rendered":"<strong>\u00c9quipe permanente<\/strong><\/p>\n<ul>\n<li>Isabelle Carlier, direction et programmation<\/li>\n<li>Marine Armbruster, d\u00e9veloppement et coordination de la zone d&#8217;activit\u00e9 artistique et p\u00e9dagogique (ZAAP)<\/li>\n<li>Fran\u00e7oise Houdayer, administration<\/li>\n<li>Mateo Simon, r\u00e9gie et programmation<\/li>\n<li>Arthur Barbe, service civique<\/li>\n<\/ul>\n<p><strong><span style=\"color: #000000;\">Artistes associ\u00e9s<\/span><\/strong><\/p>\n<ul>\n<li>David Legrand, artiste collectif<\/li>\n<li>Quimera Rosa, de recherche et d\u2019exp\u00e9rimentation sur identit\u00e9s, corps et technologie<\/li>\n<li>Ewen Chardronnet, auteur, journaliste, curateur et artiste d&#8217;investigation<\/li>\n<li>Marie Losier, cin\u00e9aste<\/li>\n<li>Paola Pisani, artiste<\/li>\n<li>Boris Lehman, cin\u00e9aste (parrain des Rencontres)<\/li>\n<li>Julien Dominique Pauthier, artiste<\/li>\n<li>Laurent Carlier &amp; Claire Fristot (Vjing)<\/li>\n<li>Fabrice Cotinat, artiste et enseignant \u00e0 l&#8217;Ensa de Limoges<\/li>\n<\/ul>\n<p><strong>Intervenants de la ZAAP<\/strong><\/p>\n<ul>\n<li>Herv\u00e9 Bezet, artiste<\/li>\n<li>Isabelle Carlier, monteuse vid\u00e9o<\/li>\n<li>Caroline Delaporte, ci\u00e9naste<\/li>\n<li>Olivia\u00a0Earle, artiste<\/li>\n<li>Simon Gilet, ing\u00e9nieur son<\/li>\n<li>David Legrand, artiste<\/li>\n<li><span style=\"color: #808080;\"><a style=\"color: #808080;\" href=\"http:\/\/www.dailymotion.com\/zuzu58\" target=\"_blank\" rel=\"noopener noreferrer\">Philippe Zunino<\/a>, artiste<\/span><\/li>\n<li>Marie Losier, cin\u00e9aste<\/li>\n<li>Simon Fravega, artiste<\/li>\n<li>Julien Dominique Pauthier, artiste (pratiques sonores)<\/li>\n<li>Laurent Carlier &amp; Claire Fristot (Vjing)<\/li>\n<\/ul>\n<p><strong>Membre du Conseil d&#8217;administration<\/strong><\/p>\n<ul>\n<li>Pr\u00e9sident d&#8217;honneur : Jean-Paul LABRO, artiste<\/li>\n<li>Pr\u00e9sident : Roger Cochini, ing\u00e9nieur son et musicien \u00e9lectro-acousticien<\/li>\n<li>Tr\u00e9sorier : Gilles Martinez, technicien vid\u00e9o et concepteur<\/li>\n<li>Secr\u00e9taire : Anne-Marie Tyrek, enseignante cin\u00e9ma-audio-visuel<\/li>\n<li>Herv\u00e9 Bezet, artiste<\/li>\n<li>Denis Champeau, technicien (bois, metal, cin\u00e9ma), projectionniste et cin\u00e9aste<\/li>\n<li>Pierre-Charles Harry, directeur de la F.O.L. du Cher<\/li>\n<li>C\u00e9cile Jamet,\u00a0performeuse<\/li>\n<li>Elizabeth Pawlowski, productrice<\/li>\n<li>Sandrine Salzard, artiste<\/li>\n<\/ul>","protected":false},"excerpt":{"rendered":"<p>\u00c9quipe permanente Isabelle Carlier, direction et programmation Marine Armbruster, d\u00e9veloppement et coordination de la zone d&#8217;activit\u00e9 artistique et p\u00e9dagogique (ZAAP) Fran\u00e7oise Houdayer, administration Mateo Simon, r\u00e9gie et programmation Arthur Barbe, service civique Artistes associ\u00e9s David Legrand, artiste collectif Quimera Rosa, de recherche et d\u2019exp\u00e9rimentation sur identit\u00e9s, corps et technologie Ewen Chardronnet, auteur, journaliste, curateur et&hellip;<\/p>\n","protected":false},"author":1,"featured_media":0,"parent":0,"menu_order":0,"comment_status":"closed","ping_status":"closed","template":"","meta":[],"_links":{"self":[{"href":"https:\/\/bandits-mages.antrepeaux.net\/es\/wp-json\/wp\/v2\/pages\/434"}],"collection":[{"href":"https:\/\/bandits-mages.antrepeaux.net\/es\/wp-json\/wp\/v2\/pages"}],"about":[{"href":"https:\/\/bandits-mages.antrepeaux.net\/es\/wp-json\/wp\/v2\/types\/page"}],"author":[{"embeddable":true,"href":"https:\/\/bandits-mages.antrepeaux.net\/es\/wp-json\/wp\/v2\/users\/1"}],"replies":[{"embeddable":true,"href":"https:\/\/bandits-mages.antrepeaux.net\/es\/wp-json\/wp\/v2\/comments?post=434"}],"version-history":[{"count":55,"href":"https:\/\/bandits-mages.antrepeaux.net\/es\/wp-json\/wp\/v2\/pages\/434\/revisions"}],"predecessor-version":[{"id":13640,"href":"https:\/\/bandits-mages.antrepeaux.net\/es\/wp-json\/wp\/v2\/pages\/434\/revisions\/13640"}],"wp:attachment":[{"href":"https:\/\/bandits-mages.antrepeaux.net\/es\/wp-json\/wp\/v2\/media?parent=434"}],"curies":[{"name":"wp","href":"https:\/\/api.w.org\/{rel}","templated":true}]}}