{"id":504,"date":"2014-12-16T13:42:21","date_gmt":"2014-12-16T12:42:21","guid":{"rendered":"http:\/\/bandits-mages.antrepeaux.net\/site2015\/?page_id=504"},"modified":"2018-11-27T20:33:15","modified_gmt":"2018-11-27T19:33:15","slug":"le-haidouc","status":"publish","type":"page","link":"https:\/\/bandits-mages.antrepeaux.net\/en\/le-haidouc\/","title":{"rendered":"Le Ha\u00efdouc"},"content":{"rendered":"<h2>Production \/ Exp\u00e9rimentation \/ Diffusion<\/h2>\n<p class=\"p1\">La galerie du Ha\u00efdouc a \u00e9t\u00e9 cr\u00e9\u00e9e par Bandits-Mages en octobre 2000 sur le site de la Friche l\u2019Antre-Peaux. Entre 2000 et 2010, le Ha\u00efdouc a \u00e9t\u00e9 avant tout un espace de diffusion et de production \u00e9quip\u00e9 d\u2019outils de r\u00e9flexion et de fabrication pour les oeuvres vid\u00e9os et multim\u00e9dias, ainsi qu\u2019un lieu de r\u00e9sidence. Les artistes \u00e9taient invit\u00e9s \u00e0 prendre en compte le contexte social et urbain de Bourges, tout en accompagnant et en stimulant des projets hors les murs, leur permettant d\u2019intervenir \u00e0 chaque \u00e9tape de leur travail dans le champ de l\u2019environnement proche, dans le paysage social et politique de la ville, dans son tissu urbain et architectural, dans les zones rurales.<\/p>\n<p class=\"p1\">C\u2019est aujourd\u2019hui un lieu <span class=\"s2\">polyfonctionnel<\/span> : <strong>m\u00e9dialab, plateau vid\u00e9o, galerie et salle de projection<\/strong>. <span class=\"s4\">Trois<\/span> <span class=\"s2\">studios<\/span> de post-production se <span class=\"s2\">gref<\/span><span class=\"s7\">f<\/span><span class=\"s2\">ent<\/span> \u00e0 cet espace, <span class=\"s2\">avant<\/span> tout <span class=\"s7\">off<\/span><span class=\"s2\">ert<\/span> aux artistes en r\u00e9sidence, aux <span class=\"s2\">\u00e9tudiants<\/span> et aux artistes <span class=\"s2\">invit\u00e9s<\/span> <span class=\"s2\">ayant<\/span> la <span class=\"s2\">volont\u00e9<\/span> <span class=\"s2\">d\u2019exploiter<\/span> toutes les possibilit\u00e9s du lieu, de son <span class=\"s2\">contexte<\/span> social et urbain.<\/p>\n<p class=\"p2\"><span class=\"s2\">Les<\/span> <span class=\"s2\">d\u00e9marches<\/span> <span class=\"s2\">exp\u00e9rimentant<\/span> les outils de <span class=\"s2\">diffusion<\/span> \u00e0 l\u2019int\u00e9rieur m\u00eame de l\u2019acte cr\u00e9atif y sont <span class=\"s2\">vivement<\/span> encourag\u00e9es. Ainsi, les projets <span class=\"s2\">s\u2019inscrivant<\/span> dans une politique de pratiques autonomes et <span class=\"s2\">exp\u00e9rimentales,<\/span> du DIY (Do It <span class=\"s3\">Y<\/span>ourself) et des <span class=\"s2\">fabriques<\/span> sont <span class=\"s2\">favoris\u00e9s<\/span> gr\u00e2ce \u00e0 une conception modulable et <span class=\"s2\">ouverte<\/span> du lieu, ainsi qu\u2019\u00e0 une souplesse d\u2019organisation n\u00e9cessitant une capacit\u00e9 <span class=\"s2\">d\u2019inventivit\u00e9<\/span> et de r\u00e9activit\u00e9 au sein m\u00eame de l\u2019\u00e9quipe. Chacun peut y mener une <span class=\"s2\">r\u00e9flexion<\/span> individuelle ou <span class=\"s2\">collective,<\/span> proposer et <span class=\"s2\">d\u00e9velopper<\/span> des projets de <span class=\"s2\">recherche.<\/span> Une programmation r\u00e9guli\u00e8re est propos\u00e9e \u00e0 <span class=\"s2\">travers<\/span> <span class=\"s2\">l\u2019invitation<\/span> d\u2019artistes ou de cin\u00e9astes.<\/p>\n<p class=\"p4\"><span class=\"s2\">Cette<\/span> orientation du lieu <span class=\"s2\">s\u2019appuie<\/span> sur des <span class=\"s2\">exp\u00e9riences<\/span> \u00e9manant de l\u2019ancien ECM de <span class=\"s2\">Bandits-Mages<\/span> et d\u2019autres, men\u00e9es entre 2009 et <span class=\"s23\">2011<\/span> :<span class=\"s18\"> <a href=\"http:\/\/www.banditnet.fr\/pam\/www\/index.php\"><span class=\"s24\">http:\/\/www.banditnet.fr\/pam\/www\/index.php<\/span><\/a><\/span><\/p>\n<p class=\"p4\"><span class=\"s7\">L<\/span>e Ha\u00efdouc <span class=\"s4\">s<\/span>\u2019inscrit dans l\u2019action cul<span class=\"s4\">t<\/span>urelle de la <span class=\"s25\">F<\/span>ri<span class=\"s23\">c<\/span>he l<span class=\"s26\">\u2019<\/span>Antre-<span class=\"s25\">P<\/span>eaux et participe acti<span class=\"s7\">v<\/span>ement <span class=\"s7\">av<\/span>ec les autres <span class=\"s2\">structures<\/span> r\u00e9sidentes \u00e0 l\u2019\u00e9mancipation et \u00e0 la visibilit\u00e9 du site. En compl\u00e9mentarit\u00e9 <span class=\"s2\">avec<\/span> le <span class=\"s7\">T<\/span><span class=\"s2\">ranspalette,<\/span> il <span class=\"s2\">s\u2019affirme<\/span> comme un lieu d\u00e9di\u00e9 \u00e0 la cr\u00e9ation contemporaine, et plus pr\u00e9cis\u00e9ment \u00e0 <span class=\"s2\">l\u2019exp\u00e9rimentation<\/span> des m\u00e9dias contemporains.<\/p>","protected":false},"excerpt":{"rendered":"<p>Production \/ Exp\u00e9rimentation \/ Diffusion La galerie du Ha\u00efdouc a \u00e9t\u00e9 cr\u00e9\u00e9e par Bandits-Mages en octobre 2000 sur le site de la Friche l\u2019Antre-Peaux. Entre 2000 et 2010, le Ha\u00efdouc a \u00e9t\u00e9 avant tout un espace de diffusion et de production \u00e9quip\u00e9 d\u2019outils de r\u00e9flexion et de fabrication pour les oeuvres vid\u00e9os et multim\u00e9dias, ainsi&hellip;<\/p>\n","protected":false},"author":1,"featured_media":508,"parent":0,"menu_order":0,"comment_status":"closed","ping_status":"closed","template":"","meta":[],"_links":{"self":[{"href":"https:\/\/bandits-mages.antrepeaux.net\/en\/wp-json\/wp\/v2\/pages\/504"}],"collection":[{"href":"https:\/\/bandits-mages.antrepeaux.net\/en\/wp-json\/wp\/v2\/pages"}],"about":[{"href":"https:\/\/bandits-mages.antrepeaux.net\/en\/wp-json\/wp\/v2\/types\/page"}],"author":[{"embeddable":true,"href":"https:\/\/bandits-mages.antrepeaux.net\/en\/wp-json\/wp\/v2\/users\/1"}],"replies":[{"embeddable":true,"href":"https:\/\/bandits-mages.antrepeaux.net\/en\/wp-json\/wp\/v2\/comments?post=504"}],"version-history":[{"count":9,"href":"https:\/\/bandits-mages.antrepeaux.net\/en\/wp-json\/wp\/v2\/pages\/504\/revisions"}],"predecessor-version":[{"id":4438,"href":"https:\/\/bandits-mages.antrepeaux.net\/en\/wp-json\/wp\/v2\/pages\/504\/revisions\/4438"}],"wp:featuredmedia":[{"embeddable":true,"href":"https:\/\/bandits-mages.antrepeaux.net\/en\/wp-json\/wp\/v2\/media\/508"}],"wp:attachment":[{"href":"https:\/\/bandits-mages.antrepeaux.net\/en\/wp-json\/wp\/v2\/media?parent=504"}],"curies":[{"name":"wp","href":"https:\/\/api.w.org\/{rel}","templated":true}]}}